{"version":"1.0","provider_name":"Guineeline","provider_url":"https:\/\/www.guineeline.net","author_name":"Guineeline","author_url":"https:\/\/www.guineeline.net\/index.php\/author\/admin\/","title":"Journ\u00e9e Mondiale de l\u2019Environnement 2025 : la Guin\u00e9e d\u00e9clare la guerre au plastique \u00e0 usage unique - Guineeline","type":"rich","width":600,"height":338,"html":"<blockquote class=\"wp-embedded-content\" data-secret=\"vSs0TEwhaD\"><a href=\"https:\/\/www.guineeline.net\/index.php\/2025\/06\/26\/9185\/\">Journ\u00e9e Mondiale de l\u2019Environnement 2025 : la Guin\u00e9e d\u00e9clare la guerre au plastique \u00e0 usage unique<\/a><\/blockquote><iframe sandbox=\"allow-scripts\" security=\"restricted\" src=\"https:\/\/www.guineeline.net\/index.php\/2025\/06\/26\/9185\/embed\/#?secret=vSs0TEwhaD\" width=\"600\" height=\"338\" title=\"\u00ab\u00a0Journ\u00e9e Mondiale de l\u2019Environnement 2025 : la Guin\u00e9e d\u00e9clare la guerre au plastique \u00e0 usage unique\u00a0\u00bb &#8212; Guineeline\" data-secret=\"vSs0TEwhaD\" frameborder=\"0\" marginwidth=\"0\" marginheight=\"0\" scrolling=\"no\" class=\"wp-embedded-content\"><\/iframe><script type=\"text\/javascript\">\n\/* <![CDATA[ *\/\n\/*! This file is auto-generated *\/\n!function(d,l){\"use strict\";l.querySelector&&d.addEventListener&&\"undefined\"!=typeof URL&&(d.wp=d.wp||{},d.wp.receiveEmbedMessage||(d.wp.receiveEmbedMessage=function(e){var t=e.data;if((t||t.secret||t.message||t.value)&&!\/[^a-zA-Z0-9]\/.test(t.secret)){for(var s,r,n,a=l.querySelectorAll('iframe[data-secret=\"'+t.secret+'\"]'),o=l.querySelectorAll('blockquote[data-secret=\"'+t.secret+'\"]'),c=new RegExp(\"^https?:$\",\"i\"),i=0;i<o.length;i++)o[i].style.display=\"none\";for(i=0;i<a.length;i++)s=a[i],e.source===s.contentWindow&&(s.removeAttribute(\"style\"),\"height\"===t.message?(1e3<(r=parseInt(t.value,10))?r=1e3:~~r<200&&(r=200),s.height=r):\"link\"===t.message&&(r=new URL(s.getAttribute(\"src\")),n=new URL(t.value),c.test(n.protocol))&&n.host===r.host&&l.activeElement===s&&(d.top.location.href=t.value))}},d.addEventListener(\"message\",d.wp.receiveEmbedMessage,!1),l.addEventListener(\"DOMContentLoaded\",function(){for(var e,t,s=l.querySelectorAll(\"iframe.wp-embedded-content\"),r=0;r<s.length;r++)(t=(e=s[r]).getAttribute(\"data-secret\"))||(t=Math.random().toString(36).substring(2,12),e.src+=\"#?secret=\"+t,e.setAttribute(\"data-secret\",t)),e.contentWindow.postMessage({message:\"ready\",secret:t},\"*\")},!1)))}(window,document);\n\/\/# sourceURL=https:\/\/www.guineeline.net\/wp-includes\/js\/wp-embed.min.js\n\/* ]]> *\/\n<\/script>\n","thumbnail_url":"https:\/\/www.guineeline.net\/wp-content\/uploads\/2025\/06\/MEDD.jpg","thumbnail_width":1080,"thumbnail_height":1079,"description":"&nbsp; \u00c0 l\u2019occasion de la Journ\u00e9e Mondiale de l\u2019Environnement (JME) c\u00e9l\u00e9br\u00e9e ce 5 juin, c\u00e9l\u00e9br\u00e9e en diff\u00e9r\u00e9, la Guin\u00e9e s\u2019engage r\u00e9solument dans la lutte contre la pollution plastique. Plac\u00e9e cette ann\u00e9e sous le th\u00e8me \u00ab Combattre la pollution plastique \u00bb, cette \u00e9dition co\u00efncide avec une d\u00e9cision historique des autorit\u00e9s guin\u00e9ennes : l\u2019adoption d\u2019un d\u00e9cret interdisant [&hellip;]"}