{"version":"1.0","provider_name":"Guineeline","provider_url":"https:\/\/www.guineeline.net","author_name":"Guineeline","author_url":"https:\/\/www.guineeline.net\/index.php\/author\/admin\/","title":"Guin\u00e9e: les jours f\u00e9ri\u00e9s r\u00e9organis\u00e9s (d\u00e9cret) - Guineeline","type":"rich","width":600,"height":338,"html":"<blockquote class=\"wp-embedded-content\" data-secret=\"BthQoBhayU\"><a href=\"https:\/\/www.guineeline.net\/index.php\/2022\/11\/03\/guinee-les-jours-feries-reorganises-decret\/\">Guin\u00e9e: les jours f\u00e9ri\u00e9s r\u00e9organis\u00e9s (d\u00e9cret)<\/a><\/blockquote><iframe sandbox=\"allow-scripts\" security=\"restricted\" src=\"https:\/\/www.guineeline.net\/index.php\/2022\/11\/03\/guinee-les-jours-feries-reorganises-decret\/embed\/#?secret=BthQoBhayU\" width=\"600\" height=\"338\" title=\"\u00ab\u00a0Guin\u00e9e: les jours f\u00e9ri\u00e9s r\u00e9organis\u00e9s (d\u00e9cret)\u00a0\u00bb &#8212; Guineeline\" data-secret=\"BthQoBhayU\" frameborder=\"0\" marginwidth=\"0\" marginheight=\"0\" scrolling=\"no\" class=\"wp-embedded-content\"><\/iframe><script type=\"text\/javascript\">\n\/* <![CDATA[ *\/\n\/*! This file is auto-generated *\/\n!function(d,l){\"use strict\";l.querySelector&&d.addEventListener&&\"undefined\"!=typeof URL&&(d.wp=d.wp||{},d.wp.receiveEmbedMessage||(d.wp.receiveEmbedMessage=function(e){var t=e.data;if((t||t.secret||t.message||t.value)&&!\/[^a-zA-Z0-9]\/.test(t.secret)){for(var s,r,n,a=l.querySelectorAll('iframe[data-secret=\"'+t.secret+'\"]'),o=l.querySelectorAll('blockquote[data-secret=\"'+t.secret+'\"]'),c=new RegExp(\"^https?:$\",\"i\"),i=0;i<o.length;i++)o[i].style.display=\"none\";for(i=0;i<a.length;i++)s=a[i],e.source===s.contentWindow&&(s.removeAttribute(\"style\"),\"height\"===t.message?(1e3<(r=parseInt(t.value,10))?r=1e3:~~r<200&&(r=200),s.height=r):\"link\"===t.message&&(r=new URL(s.getAttribute(\"src\")),n=new URL(t.value),c.test(n.protocol))&&n.host===r.host&&l.activeElement===s&&(d.top.location.href=t.value))}},d.addEventListener(\"message\",d.wp.receiveEmbedMessage,!1),l.addEventListener(\"DOMContentLoaded\",function(){for(var e,t,s=l.querySelectorAll(\"iframe.wp-embedded-content\"),r=0;r<s.length;r++)(t=(e=s[r]).getAttribute(\"data-secret\"))||(t=Math.random().toString(36).substring(2,12),e.src+=\"#?secret=\"+t,e.setAttribute(\"data-secret\",t)),e.contentWindow.postMessage({message:\"ready\",secret:t},\"*\")},!1)))}(window,document);\n\/\/# sourceURL=https:\/\/www.guineeline.net\/wp-includes\/js\/wp-embed.min.js\n\/* ]]> *\/\n<\/script>\n","thumbnail_url":"https:\/\/www.guineeline.net\/wp-content\/uploads\/2022\/08\/Mamadi-Doumbouya-1140x570-1.jpg","thumbnail_width":1140,"thumbnail_height":570,"description":"Les travailleurs guin\u00e9ens sont\u00a0 de nouveau situ\u00e9s sur les jours f\u00e9ri\u00e9s. Ces jours selon son d\u00e9cret de mise en place lu sur les antennes des m\u00e9dias d\u2019\u00c9tats le mercredi concerne les travailleurs du secteur public priv\u00e9 et mixte. Hormis les weekends, au total seulement douze jours dans l\u2019ann\u00e9e sont concern\u00e9s par cette situation. Ils prennent [&hellip;]"}